{"id":5467,"date":"2022-11-29T14:41:34","date_gmt":"2022-11-29T12:41:34","guid":{"rendered":"https:\/\/www.observatoriotiamat.es\/sobre-nosotros\/"},"modified":"2024-05-09T08:41:38","modified_gmt":"2024-05-09T08:41:38","slug":"sobre-nos","status":"publish","type":"page","link":"https:\/\/www.observatoriotiamat.es\/gl\/sobre-nos\/","title":{"rendered":"Sobre n\u00f3s"},"content":{"rendered":"<section class=\"l-section wpb_row height_medium\"><div class=\"l-section-h i-cf\"><div class=\"g-cols vc_row via_flex valign_top type_default stacking_default\"><div class=\"vc_col-sm-12 wpb_column vc_column_container\"><div class=\"vc_column-inner\"><div class=\"wpb_wrapper\"><div class=\"wpb_text_column us_custom_7e20fa79 us_animate_this\"><div class=\"wpb_wrapper\"><h5>Sobre n\u00f3s<\/h5>\n<\/div><\/div><div class=\"w-separator us_custom_8a8897b1 us_animate_this size_small\"><\/div><div class=\"w-separator size_medium\"><\/div><div class=\"g-cols wpb_row via_flex valign_top type_default stacking_default\"><div class=\"vc_col-sm-12 wpb_column vc_column_container\"><div class=\"vc_column-inner\"><div class=\"wpb_wrapper\"><div class=\"wpb_text_column\"><div class=\"wpb_wrapper\"><h2><b>Que \u00e9 o Observatorio Tiamat<\/b><\/h2>\n<\/div><\/div><\/div><\/div><\/div><\/div><div class=\"w-separator size_small\"><\/div><div class=\"g-cols wpb_row via_flex valign_top type_default stacking_default\"><div class=\"vc_col-sm-6 wpb_column vc_column_container\"><div class=\"vc_column-inner\"><div class=\"wpb_wrapper\"><div class=\"wpb_text_column\"><div class=\"wpb_wrapper\"><p><span style=\"font-weight: 300;\">O Observatorio Mari\u00f1o do Cambio Global na Rede de Parques Nacionais (Observatorio TIAMAT) analiza os impactos do cambio global nos sistemas mari\u00f1os da Rede de Parques Nacionais e desenvolve ferramentas de seguimento e aviso de eventos oce\u00e1nicos extremos utilizando datos de sat\u00e9lite dispo\u00f1ible desde 1982.<\/span><\/p>\n<\/div><\/div><\/div><\/div><\/div><div class=\"vc_col-sm-6 wpb_column vc_column_container\"><div class=\"vc_column-inner\"><div class=\"wpb_wrapper\"><div class=\"wpb_text_column\"><div class=\"wpb_wrapper\"><p><span style=\"font-weight: 300;\">TIAMAT incorpora a teledetecci\u00f3n na investigaci\u00f3n, an\u00e1lise e avaliaci\u00f3n permanente dos sistemas mari\u00f1os dos Parques Nacionais. O obxectivo final \u00e9 posibilitar a creaci\u00f3n dun Observatorio Mari\u00f1o contra o cambio clim\u00e1tico no Parque Nacional Mar\u00edtimo-Terrestre do Archipi\u00e9lago de Cabrera, o Parque Nacional Mar\u00edtimo-Terrestre das Illas Atl\u00e1nticas de Galicia e a zona da fronte mar\u00edtima do Parque Nacional de Do\u00f1ana.<\/span><\/p>\n<\/div><\/div><\/div><\/div><\/div><\/div><div class=\"w-separator size_medium\"><\/div><\/div><\/div><\/div><\/div><\/div><\/section><section class=\"l-section wpb_row us_custom_1354167b height_medium with_img parallax_ver\"><div class=\"l-section-img\" role=\"img\" aria-label=\"Imaxe\" data-img-width=\"1920\" data-img-height=\"1281\" style=\"background-image: url(https:\/\/www.observatoriotiamat.es\/wp-content\/uploads\/2022\/11\/mar.jpg);background-repeat: no-repeat;\"><\/div><div class=\"l-section-overlay\" style=\"background:rgba(0,0,0,0.50)\"><\/div><div class=\"l-section-h i-cf\"><div class=\"g-cols vc_row via_flex valign_top type_default stacking_default\"><div class=\"vc_col-sm-6 wpb_column vc_column_container\"><div class=\"vc_column-inner\"><div class=\"wpb_wrapper\"><div class=\"wpb_text_column us_custom_17d1334e has_text_color us_animate_this\"><div class=\"wpb_wrapper\"><h4><b>Monitoriza continuamente os sistemas mari\u00f1os\u00a0 naturais da Rede de Parques Nacionais para obter datos sobre a temperatura, a clorofila, o nivel do mar e outras variables oce\u00e1nicas esenciais.<\/b><\/h4>\n<\/div><\/div><\/div><\/div><\/div><div class=\"vc_col-sm-6 wpb_column vc_column_container\"><div class=\"vc_column-inner\"><div class=\"wpb_wrapper\"><div class=\"w-image align_none\"><div class=\"w-image-h\"><img decoding=\"async\" width=\"1024\" height=\"674\" src=\"https:\/\/www.observatoriotiamat.es\/wp-content\/uploads\/2022\/11\/AdobeStock_189229767-1024x674.jpeg\" class=\"attachment-large size-large\" alt=\"\" loading=\"lazy\" srcset=\"https:\/\/www.observatoriotiamat.es\/wp-content\/uploads\/2022\/11\/AdobeStock_189229767-1024x674.jpeg 1024w, https:\/\/www.observatoriotiamat.es\/wp-content\/uploads\/2022\/11\/AdobeStock_189229767-300x197.jpeg 300w\" sizes=\"auto, (max-width: 1024px) 100vw, 1024px\" \/><\/div><\/div><\/div><\/div><\/div><\/div><\/div><\/section><section class=\"l-section wpb_row us_custom_db17b256 height_medium\"><div class=\"l-section-overlay\" style=\"background:#8cc1a6\"><\/div><div class=\"l-section-h i-cf\"><div class=\"g-cols vc_row via_flex valign_top type_default stacking_default\"><div class=\"vc_col-sm-6 wpb_column vc_column_container\"><div class=\"vc_column-inner\"><div class=\"wpb_wrapper\"><div class=\"wpb_text_column us_custom_17d1334e has_text_color us_animate_this\"><div class=\"wpb_wrapper\"><h1>Acceso aberto<\/h1>\n<\/div><\/div><\/div><\/div><\/div><div class=\"vc_col-sm-6 wpb_column vc_column_container\"><div class=\"vc_column-inner\"><div class=\"wpb_wrapper\"><div class=\"wpb_text_column us_custom_17d1334e has_text_color us_animate_this\"><div class=\"wpb_wrapper\"><h3><span style=\"font-weight: 300;\">TIAMAT ofrece as s\u00faas ferramentas de acceso aberto para apoiar a xesti\u00f3n sostible, conservaci\u00f3n e preservaci\u00f3n da biodiversidade, os ecosistemas e o medio socioecon\u00f3mico dos Parques Nacionais con sistemas mari\u00f1os naturais.<\/span><\/h3>\n<\/div><\/div><\/div><\/div><\/div><\/div><\/div><\/section><section class=\"l-section wpb_row us_custom_db17b256 height_medium with_img parallax_hor bgwidth_130\"><div class=\"l-section-img\" role=\"img\" aria-label=\"Imaxe\" data-img-width=\"4886\" data-img-height=\"3589\" style=\"background-image: url(https:\/\/www.observatoriotiamat.es\/wp-content\/uploads\/2022\/12\/fons1-1.png);background-position: bottom right;background-repeat: no-repeat;background-size: contain;\"><\/div><div class=\"l-section-overlay\" style=\"background:rgba(255,255,255,0.70)\"><\/div><div class=\"l-section-h i-cf\"><div class=\"g-cols vc_row via_flex valign_top type_default stacking_default\"><div class=\"vc_col-sm-12 wpb_column vc_column_container\"><div class=\"vc_column-inner\"><div class=\"wpb_wrapper\"><div class=\"g-cols wpb_row via_flex valign_top type_default stacking_default\"><div class=\"vc_col-sm-12 wpb_column vc_column_container\"><div class=\"vc_column-inner\"><div class=\"wpb_wrapper\"><div class=\"wpb_text_column\"><div class=\"wpb_wrapper\"><h2>Sab\u00edas que<\/h2>\n<\/div><\/div><div class=\"w-separator size_small\"><\/div><\/div><\/div><\/div><\/div><div class=\"g-cols wpb_row via_flex valign_top type_default stacking_default\"><div class=\"vc_col-sm-6 wpb_column vc_column_container\"><div class=\"vc_column-inner\"><div class=\"wpb_wrapper\"><div class=\"wpb_text_column\"><div class=\"wpb_wrapper\"><blockquote>\n<p><span style=\"font-weight: 300;\">&#8230; Tiamat \u00e9 unha deusa primordial do mar de orixe sumeria e babil\u00f3nica, un mito feminino da creaci\u00f3n e da loita entre a orde creativa e o caos. No Observatorio TIAMAT, a orde de an\u00e1lise de datos loita contra o caos do cambio global.<\/span><\/p>\n<\/blockquote>\n<\/div><\/div><\/div><\/div><\/div><div class=\"vc_col-sm-6 wpb_column vc_column_container\"><div class=\"vc_column-inner\"><div class=\"wpb_wrapper\"><div class=\"wpb_text_column\"><div class=\"wpb_wrapper\"><blockquote>\n<p><span style=\"font-weight: 300;\">\u2026 O cambio global nos sistemas mari\u00f1os naturais dos Parques Nacionais \u00e9 o conxunto de alteraci\u00f3ns producidas directa ou indirectamente pola actividade humana e que afectan tanto ao funcionamento dos ecosistemas mari\u00f1os, como a s\u00faa biodiversidade, condici\u00f3ns clim\u00e1ticas ou socioecon\u00f3micas.<\/span><\/p>\n<\/blockquote>\n<\/div><\/div><\/div><\/div><\/div><\/div><\/div><\/div><\/div><\/div><\/div><\/section><section class=\"l-section wpb_row us_custom_66918040 height_medium\"><div class=\"l-section-overlay\" style=\"background:#000000\"><\/div><div class=\"l-section-h i-cf\"><div class=\"g-cols vc_row via_flex valign_top type_default stacking_default\"><div class=\"vc_col-sm-3 wpb_column vc_column_container\"><div class=\"vc_column-inner\"><div class=\"wpb_wrapper\"><\/div><\/div><\/div><div class=\"vc_col-sm-6 wpb_column vc_column_container\"><div class=\"vc_column-inner\"><div class=\"wpb_wrapper\"><div class=\"wpb_text_column us_custom_6df4bc3a has_text_color\"><div class=\"wpb_wrapper\"><h2 style=\"text-align: center;\"><b>Organizaci\u00f3n<\/b><\/h2>\n<p style=\"text-align: center;\"><span style=\"font-weight: 300;\">O Observatorio TIAMAT \u00e9 un proxecto coordinado polo Instituto Andaluz de Ciencias del Mar (ICMAN), o Sistema de Observaci\u00f3n y Predicci\u00f3n Costero de las Illes Balears (ICTS SOCIB) e o Instituto de Investigaci\u00f3ns Mari\u00f1as de Vigo (IIM).<\/span><\/p>\n<\/div><\/div><\/div><\/div><\/div><div class=\"vc_col-sm-3 wpb_column vc_column_container\"><div class=\"vc_column-inner\"><div class=\"wpb_wrapper\"><\/div><\/div><\/div><\/div><\/div><\/section><section class=\"l-section wpb_row us_custom_db17b256 height_medium\"><div class=\"l-section-overlay\" style=\"background:rgba(140,193,166,0.25)\"><\/div><div class=\"l-section-h i-cf\"><div class=\"g-cols vc_row via_flex valign_top type_default stacking_default\"><div class=\"vc_col-sm-12 wpb_column vc_column_container\"><div class=\"vc_column-inner\"><div class=\"wpb_wrapper\"><div class=\"g-cols wpb_row via_flex valign_top type_default stacking_default\"><div class=\"vc_col-sm-12 wpb_column vc_column_container\"><div class=\"vc_column-inner\"><div class=\"wpb_wrapper\"><div class=\"wpb_text_column\"><div class=\"wpb_wrapper\"><h2>Panel de consulta<\/h2>\n<\/div><\/div><div class=\"w-separator size_small\"><\/div><div class=\"wpb_text_column\"><div class=\"wpb_wrapper\"><h6><span style=\"font-weight: 300;\">As necesidades e funcionalidades do Observatorio TIAMAT def\u00ednense baixo un enfoque participativo no marco dun Panel de Consulta, no que participan axentes e colectivos que aportan as s\u00faas percepci\u00f3ns, inquedanzas e posibles soluci\u00f3ns.<\/span><\/h6>\n<\/div><\/div><div class=\"w-separator size_medium\"><\/div><\/div><\/div><\/div><\/div><div class=\"w-grid us_grid type_grid layout_5288 cols_4 preload_style_spinner\" id=\"us_grid_1\" style=\"--columns:4;--gap:1.5rem;\" data-filterable=\"true\"><style>@media (max-width:1280px){#us_grid_1{--columns:3!important}}@media (max-width:1024px){#us_grid_1{--columns:2!important}}@media (max-width:600px){#us_grid_1{--columns:1!important}}.layout_5288 .w-grid-item-h{border-radius:0.3rem;box-shadow:0 0rem 0rem rgba(0,0,0,0.1),0 0rem 0rem rgba(0,0,0,0.1);transition-duration:0.3s}.no-touch .layout_5288 .w-grid-item-h:hover{box-shadow:0 0.2rem 0.4rem rgba(0,0,0,0.1),0 0.67rem 2rem rgba(0,0,0,0.15);z-index:4}.layout_5288 .usg_vwrapper_1{transition-duration:0.3s;transform-origin:50% 50%;transform:scale(1) translate(0%,0%)}.layout_5288 .w-grid-item-h:focus-within .usg_vwrapper_1,.layout_5288 .w-grid-item-h:hover .usg_vwrapper_1{transform:scale(1) translate(0%,0%);opacity:1;border-color:transparent!important}.layout_5288 .usg_post_title_1{transition-duration:0.3s;transform-origin:50% 50%;transform:scale(1) translate(0%,0%)}.layout_5288 .w-grid-item-h:focus-within .usg_post_title_1,.layout_5288 .w-grid-item-h:hover .usg_post_title_1{transform:scale(1) translate(0%,0%);opacity:1;color:#00629d!important}.layout_5288 .usg_vwrapper_1{border-radius:0.3rem!important;padding:10%!important;background:#ffffff!important;border:1px solid var(--color-content-border)!important}.layout_5288 .usg_post_title_1{color:#009ca8!important;font-size:1em!important;font-weight:700!important}.layout_5288 .usg_post_content_2{font-style:italic!important}.layout_5288 .usg_post_custom_field_1{text-align:center!important;padding-bottom:2rem!important}.layout_5288 .usg_vwrapper_3{min-height:110px!important}@media (min-width:1025px) and (max-width:1280px){.layout_5288 .usg_post_custom_field_1{padding-bottom:1rem!important}}@media (min-width:601px) and (max-width:1024px){.layout_5288 .usg_post_custom_field_1{padding-bottom:1rem!important}}@media (max-width:600px){.layout_5288 .usg_post_custom_field_1{padding-bottom:1rem!important}}<\/style><div class=\"w-grid-list\">\t<article class=\"w-grid-item size_1x1 post-5427 us_portfolio type-us_portfolio status-publish hentry us_portfolio_category-entidades-gl\" data-id=\"5427\">\r\n\t\t<div class=\"w-grid-item-h\">\r\n\t\t\t\t\t\t<div class=\"w-vwrapper usg_vwrapper_1 limitar-altura-logos-color align_center valign_top\" style=\"--vwrapper-gap:0.5rem\"><div class=\"w-vwrapper usg_vwrapper_3 align_none valign_top\"><div class=\"w-post-elm post_custom_field usg_post_custom_field_1 type_image logo color_link_inherit\"><img loading=\"lazy\" decoding=\"async\" width=\"1024\" height=\"402\" src=\"https:\/\/www.observatoriotiamat.es\/wp-content\/uploads\/2023\/03\/agaia-1024x402.jpeg\" class=\"attachment-large size-large\" alt=\"\" srcset=\"https:\/\/www.observatoriotiamat.es\/wp-content\/uploads\/2023\/03\/agaia-1024x402.jpeg 1024w, https:\/\/www.observatoriotiamat.es\/wp-content\/uploads\/2023\/03\/agaia-300x118.jpeg 300w, https:\/\/www.observatoriotiamat.es\/wp-content\/uploads\/2023\/03\/agaia.jpeg 1080w\" sizes=\"auto, (max-width: 1024px) 100vw, 1024px\" \/><\/div><\/div><div class=\"w-vwrapper usg_vwrapper_2 align_none valign_bottom\"><h5 class=\"w-post-elm post_title usg_post_title_1 has_text_color entry-title color_link_inherit\"><a href=\"https:\/\/illasatlanticas.gal\/es\/asiste-uno-de-nuestros-cursos\">Asociaci\u00f3n de Gu\u00edas Acreditados das Illas Atl\u00e1nticas de Galicia<\/a><\/h5><\/div><\/div>\t\t<\/div>\r\n\t\t\t<\/article>\r\n\t<article class=\"w-grid-item size_1x1 post-5429 us_portfolio type-us_portfolio status-publish hentry us_portfolio_category-entidades-gl\" data-id=\"5429\">\r\n\t\t<div class=\"w-grid-item-h\">\r\n\t\t\t\t\t\t<div class=\"w-vwrapper usg_vwrapper_1 limitar-altura-logos-color align_center valign_top\" style=\"--vwrapper-gap:0.5rem\"><div class=\"w-vwrapper usg_vwrapper_3 align_none valign_top\"><div class=\"w-post-elm post_custom_field usg_post_custom_field_1 type_image logo color_link_inherit\"><img loading=\"lazy\" decoding=\"async\" width=\"323\" height=\"324\" src=\"https:\/\/www.observatoriotiamat.es\/wp-content\/uploads\/2023\/03\/cofradia-sanlucar.png\" class=\"attachment-large size-large\" alt=\"\" srcset=\"https:\/\/www.observatoriotiamat.es\/wp-content\/uploads\/2023\/03\/cofradia-sanlucar.png 323w, https:\/\/www.observatoriotiamat.es\/wp-content\/uploads\/2023\/03\/cofradia-sanlucar-300x300.png 300w, https:\/\/www.observatoriotiamat.es\/wp-content\/uploads\/2023\/03\/cofradia-sanlucar-320x320.png 320w\" sizes=\"auto, (max-width: 323px) 100vw, 323px\" \/><\/div><\/div><div class=\"w-vwrapper usg_vwrapper_2 align_none valign_bottom\"><h5 class=\"w-post-elm post_title usg_post_title_1 has_text_color entry-title color_link_inherit\"><a href=\"https:\/\/cofradiapescadoresdesanlucar.com\/\">Cofrad\u00eda de pescadores de Sanl\u00facar de Barrameda<\/a><\/h5><\/div><\/div>\t\t<\/div>\r\n\t\t\t<\/article>\r\n\t<article class=\"w-grid-item size_1x1 post-5445 us_portfolio type-us_portfolio status-publish hentry us_portfolio_category-entidades-gl\" data-id=\"5445\">\r\n\t\t<div class=\"w-grid-item-h\">\r\n\t\t\t\t\t\t<div class=\"w-vwrapper usg_vwrapper_1 limitar-altura-logos-color align_center valign_top\" style=\"--vwrapper-gap:0.5rem\"><div class=\"w-vwrapper usg_vwrapper_3 align_none valign_top\"><div class=\"w-post-elm post_custom_field usg_post_custom_field_1 type_image logo color_link_inherit\"><img loading=\"lazy\" decoding=\"async\" width=\"610\" height=\"293\" src=\"https:\/\/www.observatoriotiamat.es\/wp-content\/uploads\/2023\/03\/gob-1.jpeg\" class=\"attachment-large size-large\" alt=\"\" srcset=\"https:\/\/www.observatoriotiamat.es\/wp-content\/uploads\/2023\/03\/gob-1.jpeg 610w, https:\/\/www.observatoriotiamat.es\/wp-content\/uploads\/2023\/03\/gob-1-300x144.jpeg 300w\" sizes=\"auto, (max-width: 610px) 100vw, 610px\" \/><\/div><\/div><div class=\"w-vwrapper usg_vwrapper_2 align_none valign_bottom\"><h5 class=\"w-post-elm post_title usg_post_title_1 has_text_color entry-title color_link_inherit\"><a href=\"https:\/\/www.gobmallorca.com\/\">Grup Balear d\u2019Ornitologia i Defensa de la Naturalesa (GOB)<\/a><\/h5><\/div><\/div>\t\t<\/div>\r\n\t\t\t<\/article>\r\n\t<article class=\"w-grid-item size_1x1 post-5453 us_portfolio type-us_portfolio status-publish hentry us_portfolio_category-entidades-gl\" data-id=\"5453\">\r\n\t\t<div class=\"w-grid-item-h\">\r\n\t\t\t\t\t\t<div class=\"w-vwrapper usg_vwrapper_1 limitar-altura-logos-color align_center valign_top\" style=\"--vwrapper-gap:0.5rem\"><div class=\"w-vwrapper usg_vwrapper_3 align_none valign_top\"><div class=\"w-post-elm post_custom_field usg_post_custom_field_1 type_image logo color_link_inherit\"><img loading=\"lazy\" decoding=\"async\" width=\"1024\" height=\"300\" src=\"https:\/\/www.observatoriotiamat.es\/wp-content\/uploads\/2023\/03\/IFAPA-1024x300.png\" class=\"attachment-large size-large\" alt=\"\" srcset=\"https:\/\/www.observatoriotiamat.es\/wp-content\/uploads\/2023\/03\/IFAPA-1024x300.png 1024w, https:\/\/www.observatoriotiamat.es\/wp-content\/uploads\/2023\/03\/IFAPA-300x88.png 300w, https:\/\/www.observatoriotiamat.es\/wp-content\/uploads\/2023\/03\/IFAPA.png 2048w\" sizes=\"auto, (max-width: 1024px) 100vw, 1024px\" \/><\/div><\/div><div class=\"w-vwrapper usg_vwrapper_2 align_none valign_bottom\"><h5 class=\"w-post-elm post_title usg_post_title_1 has_text_color entry-title color_link_inherit\"><a href=\"https:\/\/www.juntadeandalucia.es\/agriculturaypesca\/ifapa\/web\/\">Instituto Andaluz de Investigaci\u00f3n y Formaci\u00f3n Agraria, Pesquera, Alimentaria y de la Producci\u00f3n Ecol\u00f3gica (IFAPA)<\/a><\/h5><\/div><\/div>\t\t<\/div>\r\n\t\t\t<\/article>\r\n\t<article class=\"w-grid-item size_1x1 post-5437 us_portfolio type-us_portfolio status-publish hentry us_portfolio_category-entidades-gl\" data-id=\"5437\">\r\n\t\t<div class=\"w-grid-item-h\">\r\n\t\t\t\t\t\t<div class=\"w-vwrapper usg_vwrapper_1 limitar-altura-logos-color align_center valign_top\" style=\"--vwrapper-gap:0.5rem\"><div class=\"w-vwrapper usg_vwrapper_3 align_none valign_top\"><div class=\"w-post-elm post_custom_field usg_post_custom_field_1 type_image logo color_link_inherit\"><img loading=\"lazy\" decoding=\"async\" width=\"1024\" height=\"674\" src=\"https:\/\/www.observatoriotiamat.es\/wp-content\/uploads\/2023\/03\/logo_c_01_sin_margen-02-1024x674.png\" class=\"attachment-large size-large\" alt=\"\" srcset=\"https:\/\/www.observatoriotiamat.es\/wp-content\/uploads\/2023\/03\/logo_c_01_sin_margen-02-1024x674.png 1024w, https:\/\/www.observatoriotiamat.es\/wp-content\/uploads\/2023\/03\/logo_c_01_sin_margen-02-300x197.png 300w, https:\/\/www.observatoriotiamat.es\/wp-content\/uploads\/2023\/03\/logo_c_01_sin_margen-02.png 1293w\" sizes=\"auto, (max-width: 1024px) 100vw, 1024px\" \/><\/div><\/div><div class=\"w-vwrapper usg_vwrapper_2 align_none valign_bottom\"><h5 class=\"w-post-elm post_title usg_post_title_1 has_text_color entry-title color_link_inherit\"><a href=\"https:\/\/imedea.uib-csic.es\/\">Instituto Mediterr\u00e1neo de Estudios Avanzados (IMEDEA CSIC-UIB)<\/a><\/h5><\/div><\/div>\t\t<\/div>\r\n\t\t\t<\/article>\r\n\t<article class=\"w-grid-item size_1x1 post-5439 us_portfolio type-us_portfolio status-publish hentry us_portfolio_category-entidades-gl\" data-id=\"5439\">\r\n\t\t<div class=\"w-grid-item-h\">\r\n\t\t\t\t\t\t<div class=\"w-vwrapper usg_vwrapper_1 limitar-altura-logos-color align_center valign_top\" style=\"--vwrapper-gap:0.5rem\"><div class=\"w-vwrapper usg_vwrapper_3 align_none valign_top\"><div class=\"w-post-elm post_custom_field usg_post_custom_field_1 type_image logo color_link_inherit\"><img loading=\"lazy\" decoding=\"async\" width=\"885\" height=\"291\" src=\"https:\/\/www.observatoriotiamat.es\/wp-content\/uploads\/2023\/03\/intecmar-1.png\" class=\"attachment-large size-large\" alt=\"\" srcset=\"https:\/\/www.observatoriotiamat.es\/wp-content\/uploads\/2023\/03\/intecmar-1.png 885w, https:\/\/www.observatoriotiamat.es\/wp-content\/uploads\/2023\/03\/intecmar-1-300x99.png 300w\" sizes=\"auto, (max-width: 885px) 100vw, 885px\" \/><\/div><\/div><div class=\"w-vwrapper usg_vwrapper_2 align_none valign_bottom\"><h5 class=\"w-post-elm post_title usg_post_title_1 has_text_color entry-title color_link_inherit\"><a href=\"http:\/\/www.intecmar.gal\/\">Instituto Tecnol\u00f3gico para o Control do Medio Mari\u00f1o de Galicia (INTECMAR)<\/a><\/h5><\/div><\/div>\t\t<\/div>\r\n\t\t\t<\/article>\r\n\t<article class=\"w-grid-item size_1x1 post-5433 us_portfolio type-us_portfolio status-publish hentry us_portfolio_category-entidades-gl\" data-id=\"5433\">\r\n\t\t<div class=\"w-grid-item-h\">\r\n\t\t\t\t\t\t<div class=\"w-vwrapper usg_vwrapper_1 limitar-altura-logos-color align_center valign_top\" style=\"--vwrapper-gap:0.5rem\"><div class=\"w-vwrapper usg_vwrapper_3 align_none valign_top\"><div class=\"w-post-elm post_custom_field usg_post_custom_field_1 type_image logo color_link_inherit\"><img loading=\"lazy\" decoding=\"async\" width=\"1024\" height=\"586\" src=\"https:\/\/www.observatoriotiamat.es\/wp-content\/uploads\/2023\/03\/Logotipo_de_la_OECC-1024x586.png\" class=\"attachment-large size-large\" alt=\"\" srcset=\"https:\/\/www.observatoriotiamat.es\/wp-content\/uploads\/2023\/03\/Logotipo_de_la_OECC-1024x586.png 1024w, https:\/\/www.observatoriotiamat.es\/wp-content\/uploads\/2023\/03\/Logotipo_de_la_OECC-300x172.png 300w, https:\/\/www.observatoriotiamat.es\/wp-content\/uploads\/2023\/03\/Logotipo_de_la_OECC.png 1747w\" sizes=\"auto, (max-width: 1024px) 100vw, 1024px\" \/><\/div><\/div><div class=\"w-vwrapper usg_vwrapper_2 align_none valign_bottom\"><h5 class=\"w-post-elm post_title usg_post_title_1 has_text_color entry-title color_link_inherit\"><a href=\"https:\/\/www.miteco.gob.es\/es\/cambio-climatico\/temas\/organismos-e-instituciones-implicados-en-la-lucha-contra-el-cambio-climatico-a-nivel-nacional\/oficina-espanola-en-cambio-climatico\/\">Oficina Espa\u00f1ola de Cambio Clim\u00e1tico (OECC)<\/a><\/h5><\/div><\/div>\t\t<\/div>\r\n\t\t\t<\/article>\r\n\t<article class=\"w-grid-item size_1x1 post-5441 us_portfolio type-us_portfolio status-publish hentry us_portfolio_category-entidades-gl\" data-id=\"5441\">\r\n\t\t<div class=\"w-grid-item-h\">\r\n\t\t\t\t\t\t<div class=\"w-vwrapper usg_vwrapper_1 limitar-altura-logos-color align_center valign_top\" style=\"--vwrapper-gap:0.5rem\"><div class=\"w-vwrapper usg_vwrapper_3 align_none valign_top\"><div class=\"w-post-elm post_custom_field usg_post_custom_field_1 type_image logo color_link_inherit\"><img loading=\"lazy\" decoding=\"async\" width=\"785\" height=\"272\" src=\"https:\/\/www.observatoriotiamat.es\/wp-content\/uploads\/2023\/03\/logo-donana-3.png\" class=\"attachment-large size-large\" alt=\"\" srcset=\"https:\/\/www.observatoriotiamat.es\/wp-content\/uploads\/2023\/03\/logo-donana-3.png 785w, https:\/\/www.observatoriotiamat.es\/wp-content\/uploads\/2023\/03\/logo-donana-3-300x104.png 300w\" sizes=\"auto, (max-width: 785px) 100vw, 785px\" \/><\/div><\/div><div class=\"w-vwrapper usg_vwrapper_2 align_none valign_bottom\"><h5 class=\"w-post-elm post_title usg_post_title_1 has_text_color entry-title color_link_inherit\"><a href=\"https:\/\/www.miteco.gob.es\/es\/red-parques-nacionales\/nuestros-parques\/donana\/\">Parque Nacional de Do\u00f1ana<\/a><\/h5><\/div><\/div>\t\t<\/div>\r\n\t\t\t<\/article>\r\n\t<article class=\"w-grid-item size_1x1 post-5435 us_portfolio type-us_portfolio status-publish hentry us_portfolio_category-entidades-gl\" data-id=\"5435\">\r\n\t\t<div class=\"w-grid-item-h\">\r\n\t\t\t\t\t\t<div class=\"w-vwrapper usg_vwrapper_1 limitar-altura-logos-color align_center valign_top\" style=\"--vwrapper-gap:0.5rem\"><div class=\"w-vwrapper usg_vwrapper_3 align_none valign_top\"><div class=\"w-post-elm post_custom_field usg_post_custom_field_1 type_image logo color_link_inherit\"><img loading=\"lazy\" decoding=\"async\" width=\"521\" height=\"305\" src=\"https:\/\/www.observatoriotiamat.es\/wp-content\/uploads\/2023\/03\/islas-atlanticas-1.jpeg\" class=\"attachment-large size-large\" alt=\"\" srcset=\"https:\/\/www.observatoriotiamat.es\/wp-content\/uploads\/2023\/03\/islas-atlanticas-1.jpeg 521w, https:\/\/www.observatoriotiamat.es\/wp-content\/uploads\/2023\/03\/islas-atlanticas-1-300x176.jpeg 300w\" sizes=\"auto, (max-width: 521px) 100vw, 521px\" \/><\/div><\/div><div class=\"w-vwrapper usg_vwrapper_2 align_none valign_bottom\"><h5 class=\"w-post-elm post_title usg_post_title_1 has_text_color entry-title color_link_inherit\"><a href=\"https:\/\/www.miteco.gob.es\/es\/red-parques-nacionales\/nuestros-parques\/islas-atlanticas\/\">Parque Nacional Mar\u00edtimo-Terrestre das Illas Atl\u00e1nticas<\/a><\/h5><\/div><\/div>\t\t<\/div>\r\n\t\t\t<\/article>\r\n\t<article class=\"w-grid-item size_1x1 post-5443 us_portfolio type-us_portfolio status-publish hentry us_portfolio_category-entidades-gl\" data-id=\"5443\">\r\n\t\t<div class=\"w-grid-item-h\">\r\n\t\t\t\t\t\t<div class=\"w-vwrapper usg_vwrapper_1 limitar-altura-logos-color align_center valign_top\" style=\"--vwrapper-gap:0.5rem\"><div class=\"w-vwrapper usg_vwrapper_3 align_none valign_top\"><div class=\"w-post-elm post_custom_field usg_post_custom_field_1 type_image logo color_link_inherit\"><img loading=\"lazy\" decoding=\"async\" width=\"807\" height=\"297\" src=\"https:\/\/www.observatoriotiamat.es\/wp-content\/uploads\/2023\/03\/logo-cabrera-negre-2.png\" class=\"attachment-large size-large\" alt=\"\" srcset=\"https:\/\/www.observatoriotiamat.es\/wp-content\/uploads\/2023\/03\/logo-cabrera-negre-2.png 807w, https:\/\/www.observatoriotiamat.es\/wp-content\/uploads\/2023\/03\/logo-cabrera-negre-2-300x110.png 300w\" sizes=\"auto, (max-width: 807px) 100vw, 807px\" \/><\/div><\/div><div class=\"w-vwrapper usg_vwrapper_2 align_none valign_bottom\"><h5 class=\"w-post-elm post_title usg_post_title_1 has_text_color entry-title color_link_inherit\"><a href=\"https:\/\/www.miteco.gob.es\/ca\/red-parques-nacionales\/nuestros-parques\/cabrera\/\">Parque Nacional Mar\u00edtimo-Terrestre del Archipi\u00e9lago de Cabrera<\/a><\/h5><\/div><\/div>\t\t<\/div>\r\n\t\t\t<\/article>\r\n\t<article class=\"w-grid-item size_1x1 post-5431 us_portfolio type-us_portfolio status-publish hentry us_portfolio_category-entidades-gl\" data-id=\"5431\">\r\n\t\t<div class=\"w-grid-item-h\">\r\n\t\t\t\t\t\t<div class=\"w-vwrapper usg_vwrapper_1 limitar-altura-logos-color align_center valign_top\" style=\"--vwrapper-gap:0.5rem\"><div class=\"w-vwrapper usg_vwrapper_3 align_none valign_top\"><div class=\"w-post-elm post_custom_field usg_post_custom_field_1 type_image logo color_link_inherit\"><img loading=\"lazy\" decoding=\"async\" width=\"1024\" height=\"295\" src=\"https:\/\/www.observatoriotiamat.es\/wp-content\/uploads\/2023\/03\/miteco-pos-png-1-1024x295.png\" class=\"attachment-large size-large\" alt=\"\" srcset=\"https:\/\/www.observatoriotiamat.es\/wp-content\/uploads\/2023\/03\/miteco-pos-png-1-1024x295.png 1024w, https:\/\/www.observatoriotiamat.es\/wp-content\/uploads\/2023\/03\/miteco-pos-png-1-300x86.png 300w, https:\/\/www.observatoriotiamat.es\/wp-content\/uploads\/2023\/03\/miteco-pos-png-1.png 1781w\" sizes=\"auto, (max-width: 1024px) 100vw, 1024px\" \/><\/div><\/div><div class=\"w-vwrapper usg_vwrapper_2 align_none valign_bottom\"><h5 class=\"w-post-elm post_title usg_post_title_1 has_text_color entry-title color_link_inherit\"><a href=\"https:\/\/www.miteco.gob.es\/es\/ministerio\/funciones-estructura\/organigrama\/DG_Biodiversidad.aspx\">Subdirecci\u00f3n General de Biodiversidad Terrestre y Marina, Ministerio para la Transici\u00f3n Ecol\u00f3gica y el Reto Demogr\u00e1fico (MITECO)<\/a><\/h5><\/div><\/div>\t\t<\/div>\r\n\t\t\t<\/article>\r\n<\/div>\t<div class=\"w-grid-preloader\">\r\n\t\t<div class=\"g-preloader type_1\">\r\n\t\t\t<div><\/div>\r\n\t\t<\/div>\r\n\t<\/div>\r\n\t\t<div class=\"w-grid-json hidden\" onclick='return {&quot;action&quot;:&quot;us_ajax_grid&quot;,&quot;infinite_scroll&quot;:0,&quot;max_num_pages&quot;:1,&quot;pagination&quot;:&quot;none&quot;,&quot;template_vars&quot;:{&quot;columns&quot;:&quot;4&quot;,&quot;exclude_items&quot;:&quot;none&quot;,&quot;img_size&quot;:&quot;default&quot;,&quot;ignore_items_size&quot;:0,&quot;items_layout&quot;:&quot;5288&quot;,&quot;items_offset&quot;:&quot;1&quot;,&quot;load_animation&quot;:&quot;none&quot;,&quot;overriding_link&quot;:&quot;{\\&quot;url\\&quot;:\\&quot;\\&quot;}&quot;,&quot;post_id&quot;:0,&quot;query_args&quot;:{&quot;post_type&quot;:[&quot;us_portfolio&quot;],&quot;tax_query&quot;:[{&quot;taxonomy&quot;:&quot;us_portfolio_category&quot;,&quot;field&quot;:&quot;slug&quot;,&quot;terms&quot;:[&quot;entidades&quot;]}],&quot;post_status&quot;:[&quot;publish&quot;,&quot;acf-disabled&quot;],&quot;posts_per_page&quot;:&quot;11&quot;},&quot;orderby_query_args&quot;:{&quot;orderby&quot;:{&quot;title&quot;:&quot;ASC&quot;},&quot;order&quot;:&quot;ASC&quot;},&quot;type&quot;:&quot;grid&quot;,&quot;us_grid_post_type&quot;:&quot;us_portfolio&quot;,&quot;us_grid_ajax_index&quot;:1,&quot;us_grid_filter_query_string&quot;:null,&quot;us_grid_index&quot;:1,&quot;page_args&quot;:[],&quot;lang&quot;:&quot;gl&quot;}}'><\/div>\r\n\t<\/div><div class=\"w-separator size_medium\"><\/div><\/div><\/div><\/div><\/div><\/div><\/section><section class=\"l-section wpb_row height_medium\"><div class=\"l-section-h i-cf\"><div class=\"g-cols vc_row via_flex valign_top type_default stacking_default\"><div class=\"vc_col-sm-4 wpb_column vc_column_container\"><div class=\"vc_column-inner\"><div class=\"wpb_wrapper\"><div class=\"wpb_text_column\"><div class=\"wpb_wrapper\"><p><b>Proxecto 2715\/2021<\/b><span style=\"font-weight: 300;\"> (Observatorio TIAMAT) <\/span><span style=\"font-weight: 400;\">financiado polo <\/span><span style=\"font-weight: 300;\">Organismo Aut\u00f3nomo Parques Nacionales del Ministerio para la Transici\u00f3n Ecol\u00f3gica y el Reto Demogr\u00e1fico. <\/span><\/p>\n<\/div><\/div><\/div><\/div><\/div><div class=\"vc_col-sm-4 wpb_column vc_column_container\"><div class=\"vc_column-inner\"><div class=\"wpb_wrapper\"><div class=\"w-image align_none\"><div class=\"w-image-h\"><img decoding=\"async\" width=\"1024\" height=\"242\" src=\"https:\/\/www.observatoriotiamat.es\/wp-content\/uploads\/2023\/03\/logo-parques-negro-1024x242.png\" class=\"attachment-large size-large\" alt=\"\" loading=\"lazy\" srcset=\"https:\/\/www.observatoriotiamat.es\/wp-content\/uploads\/2023\/03\/logo-parques-negro-1024x242.png 1024w, https:\/\/www.observatoriotiamat.es\/wp-content\/uploads\/2023\/03\/logo-parques-negro-300x71.png 300w, https:\/\/www.observatoriotiamat.es\/wp-content\/uploads\/2023\/03\/logo-parques-negro.png 1974w\" sizes=\"auto, (max-width: 1024px) 100vw, 1024px\" \/><\/div><\/div><\/div><\/div><\/div><div class=\"vc_col-sm-4 wpb_column vc_column_container\"><div class=\"vc_column-inner\"><div class=\"wpb_wrapper\"><div class=\"w-image align_none\"><div class=\"w-image-h\"><img decoding=\"async\" width=\"1024\" height=\"211\" src=\"https:\/\/www.observatoriotiamat.es\/wp-content\/uploads\/2023\/03\/ministerio-1024x211.png\" class=\"attachment-large size-large\" alt=\"\" loading=\"lazy\" srcset=\"https:\/\/www.observatoriotiamat.es\/wp-content\/uploads\/2023\/03\/ministerio-1024x211.png 1024w, https:\/\/www.observatoriotiamat.es\/wp-content\/uploads\/2023\/03\/ministerio-300x62.png 300w, https:\/\/www.observatoriotiamat.es\/wp-content\/uploads\/2023\/03\/ministerio.png 1812w\" sizes=\"auto, (max-width: 1024px) 100vw, 1024px\" \/><\/div><\/div><\/div><\/div><\/div><\/div><\/div><\/section>\n","protected":false},"excerpt":{"rendered":"","protected":false},"author":1,"featured_media":0,"parent":0,"menu_order":0,"comment_status":"closed","ping_status":"closed","template":"","meta":{"_acf_changed":false,"footnotes":""},"class_list":["post-5467","page","type-page","status-publish","hentry"],"acf":[],"_links":{"self":[{"href":"https:\/\/www.observatoriotiamat.es\/gl\/wp-json\/wp\/v2\/pages\/5467","targetHints":{"allow":["GET"]}}],"collection":[{"href":"https:\/\/www.observatoriotiamat.es\/gl\/wp-json\/wp\/v2\/pages"}],"about":[{"href":"https:\/\/www.observatoriotiamat.es\/gl\/wp-json\/wp\/v2\/types\/page"}],"author":[{"embeddable":true,"href":"https:\/\/www.observatoriotiamat.es\/gl\/wp-json\/wp\/v2\/users\/1"}],"replies":[{"embeddable":true,"href":"https:\/\/www.observatoriotiamat.es\/gl\/wp-json\/wp\/v2\/comments?post=5467"}],"version-history":[{"count":9,"href":"https:\/\/www.observatoriotiamat.es\/gl\/wp-json\/wp\/v2\/pages\/5467\/revisions"}],"predecessor-version":[{"id":5830,"href":"https:\/\/www.observatoriotiamat.es\/gl\/wp-json\/wp\/v2\/pages\/5467\/revisions\/5830"}],"wp:attachment":[{"href":"https:\/\/www.observatoriotiamat.es\/gl\/wp-json\/wp\/v2\/media?parent=5467"}],"curies":[{"name":"wp","href":"https:\/\/api.w.org\/{rel}","templated":true}]}}